{"id":60,"date":"2015-06-26T11:13:16","date_gmt":"2015-06-26T10:13:16","guid":{"rendered":"http:\/\/td.kanoe.fr\/?page_id=60"},"modified":"2024-01-18T14:26:49","modified_gmt":"2024-01-18T13:26:49","slug":"le-berger-endormi-au-flageolet-huile-sur-toile-20-x-15-cm","status":"publish","type":"page","link":"https:\/\/tableauxdisparus.fr\/?page_id=60","title":{"rendered":"Boucher, Fran\u00e7ois (1703-1770)"},"content":{"rendered":"<h2><em>Le berger endormi au flageolet<\/em>, huile sur toile, 20 x 15 cm<\/h2>\n<figure id=\"attachment_166\" aria-describedby=\"caption-attachment-166\" style=\"width: 300px\" class=\"wp-caption alignnone\"><a href=\"https:\/\/i0.wp.com\/tableauxdisparus.fr\/wp-content\/uploads\/2015\/07\/021-001.jpg?ssl=1\"><img data-recalc-dims=\"1\" loading=\"lazy\" decoding=\"async\" class=\"wp-image-166 size-medium\" src=\"https:\/\/i0.wp.com\/tableauxdisparus.fr\/wp-content\/uploads\/2015\/07\/021-001.jpg?resize=300%2C225&#038;ssl=1\" alt=\"021-001\" width=\"300\" height=\"225\" srcset=\"https:\/\/i0.wp.com\/tableauxdisparus.fr\/wp-content\/uploads\/2015\/07\/021-001.jpg?resize=300%2C225&amp;ssl=1 300w, https:\/\/i0.wp.com\/tableauxdisparus.fr\/wp-content\/uploads\/2015\/07\/021-001.jpg?w=320&amp;ssl=1 320w\" sizes=\"auto, (max-width: 300px) 100vw, 300px\" \/><\/a><figcaption id=\"caption-attachment-166\" class=\"wp-caption-text\">Restitution du tableau disparu de Boucher.<\/figcaption><\/figure>\n<p style=\"text-align: justify;\">\u00a0\u00a0\u00a0\u00a0 Boucher a cr\u00e9\u00e9 tout un monde enchanteur de bergers et berg\u00e8res. Il excelle dans ce genre de sc\u00e8nes qu\u2019on nomme \u00ab\u00a0pastorales\u00a0\u00bb. Il est le peintre de la femme, des enfants, de la jeunesse pleine de sant\u00e9. Ce petit tableau disparu est tr\u00e8s repr\u00e9sentatif de la mode qui s\u00e9vissait au cours du XVIIIe si\u00e8cle. Il faisait peut-\u00eatre partie d\u2019un d\u00e9cor int\u00e9rieur dans le style rococo. C&rsquo;est l\u00e0 d&rsquo;\u00e9vidence un berger d&rsquo;op\u00e9rette.<\/p>\n<p style=\"text-align: justify;\"><strong>\u00a0\u00a0\u00a0\u00a0 \u00a0L<\/strong>e 16 mai 2002, des gendarmes fouillent dans le canal Rhin-Rh\u00f4ne, pr\u00e8s de Gerstheim, \u00e0 la recherche d\u2019une peinture de Boucher, vol\u00e9e au mus\u00e9e de Chartres en 1996. Le cambrioleur est St\u00e9phane Breitwieser. Il collectionne ainsi 172 \u0153uvres et objets vol\u00e9s. Au moment d\u2019\u00eatre arr\u00eat\u00e9, la m\u00e8re du cambrioleur a d\u00e9truit toutes les \u0153uvres, entrepos\u00e9es chez elle, pour faire dispara\u00eetre le corps du d\u00e9lit. Ecrou\u00e9e, elle a avou\u00e9 les avoir jet\u00e9es dans le canal ou dans le vide-ordures, apr\u00e8s les avoir lac\u00e9r\u00e9es\u2026 Le voleur se donne bonne conscience : \u00ab Apr\u00e8s mon vol, et apr\u00e8s les recherches que j\u2019ai effectu\u00e9es, le mus\u00e9e a d\u00fb reconna\u00eetre qu\u2019il s\u2019agissait en fait d\u2019une \u00e9cole anonyme de la m\u00eame \u00e9poque. \u00bb<\/p>\n<p style=\"text-align: justify;\">\u00a0\u00a0\u00a0\u00a0\u00a0\u00a0\u00a0\u00a0\u00a0\u00a0C\u2019est un fond de pr\u00e9paration rouge, l\u2019<em>imprimature<\/em>, qui a \u00e9t\u00e9 n\u00e9cessaire pour accorder toutes les couleurs entre elles. Ensuite le dessin a permis de d\u00e9finir les \u00e9l\u00e9ments de la composition.<\/p>\n<p style=\"text-align: justify;\">\u00a0\u00a0\u00a0\u00a0\u00a0\u00a0\u00a0\u00a0\u00a0\u00a0\u00a0Les cimes des arbres \u00e0 l&rsquo;arri\u00e8re-plan par leurs formes arrondies sont reli\u00e9es aux nuages. La partie centrale du tableau est occup\u00e9e par le ciel. L\u00e9g\u00e8rement rose, celui-ci forme une spirale qui para\u00eet embraser la nature alentour. Ce ciel mouvement\u00e9 enveloppe le sommeil du berger. La source de lumi\u00e8re occupe le centre du tableau, en une sorte de boule lumineuse autour de laquelle tout semble tourner. Elle \u00e9claire particuli\u00e8rement le berger, les moutons, le chien et donne leur relief aux v\u00e9g\u00e9taux. Les arbres de la partie droite prennent sous l\u2019effet de la lumi\u00e8re des reflets dor\u00e9s, tandis que la partie gauche, situ\u00e9e dans l\u2019ombre, est d\u00e9clin\u00e9e dans des coloris bleut\u00e9s. Au centre de la sc\u00e8ne, le berger est habill\u00e9 de couleurs vives.<\/p>\n<p style=\"text-align: justify;\">\u00a0\u00a0\u00a0\u00a0\u00a0\u00a0\u00a0\u00a0\u00a0\u00a0\u00a0Pour redonner vie \u00e0 ce tableau d\u00e9truit par la b\u00eatise humaine, il fallait respecter la touche rapide de Boucher qui conf\u00e8re vie et dynamisme \u00e0 l\u2019ensemble et qui donne une impression de \u00ab non-fini \u00bb, pour un tableau fait pour \u00eatre vu de loin, d\u2019un coup d\u2019\u0153il, ins\u00e9r\u00e9 dans un ensemble d\u00e9coratif.<\/p>\n<figure id=\"attachment_206\" aria-describedby=\"caption-attachment-206\" style=\"width: 235px\" class=\"wp-caption alignnone\"><img data-recalc-dims=\"1\" loading=\"lazy\" decoding=\"async\" class=\"wp-image-206\" src=\"https:\/\/i0.wp.com\/tableauxdisparus.fr\/wp-content\/uploads\/2015\/07\/P1040664.jpg?resize=235%2C176&#038;ssl=1\" alt=\"P1040664\" width=\"235\" height=\"176\" srcset=\"https:\/\/i0.wp.com\/tableauxdisparus.fr\/wp-content\/uploads\/2015\/07\/P1040664.jpg?resize=300%2C225&amp;ssl=1 300w, https:\/\/i0.wp.com\/tableauxdisparus.fr\/wp-content\/uploads\/2015\/07\/P1040664.jpg?w=320&amp;ssl=1 320w\" sizes=\"auto, (max-width: 235px) 100vw, 235px\" \/><figcaption id=\"caption-attachment-206\" class=\"wp-caption-text\">Jet\u00e9 dans ce canal, le tableau n&rsquo;a jamais \u00e9t\u00e9 retrouv\u00e9.<\/figcaption><\/figure>\n<p style=\"text-align: right;\">(c) Daniel Lagoutte<\/p>\n","protected":false},"excerpt":{"rendered":"<p>Le berger endormi au flageolet, huile sur toile, 20 x 15 cm \u00a0\u00a0\u00a0\u00a0 Boucher a cr\u00e9\u00e9 tout un monde enchanteur de bergers et berg\u00e8res. Il excelle dans ce genre de sc\u00e8nes qu\u2019on nomme \u00ab\u00a0pastorales\u00a0\u00bb. Il est le peintre de la femme, des enfants, de la jeunesse pleine de sant\u00e9. Ce petit tableau disparu est tr\u00e8s &hellip; <a href=\"https:\/\/tableauxdisparus.fr\/?page_id=60\" class=\"more-link\">Continuer la lecture de <span class=\"screen-reader-text\">Boucher, Fran\u00e7ois (1703-1770)<\/span><\/a><\/p>\n","protected":false},"author":1,"featured_media":0,"parent":0,"menu_order":0,"comment_status":"closed","ping_status":"closed","template":"","meta":{"footnotes":""},"class_list":["post-60","page","type-page","status-publish","hentry"],"jetpack_sharing_enabled":true,"_links":{"self":[{"href":"https:\/\/tableauxdisparus.fr\/index.php?rest_route=\/wp\/v2\/pages\/60","targetHints":{"allow":["GET"]}}],"collection":[{"href":"https:\/\/tableauxdisparus.fr\/index.php?rest_route=\/wp\/v2\/pages"}],"about":[{"href":"https:\/\/tableauxdisparus.fr\/index.php?rest_route=\/wp\/v2\/types\/page"}],"author":[{"embeddable":true,"href":"https:\/\/tableauxdisparus.fr\/index.php?rest_route=\/wp\/v2\/users\/1"}],"replies":[{"embeddable":true,"href":"https:\/\/tableauxdisparus.fr\/index.php?rest_route=%2Fwp%2Fv2%2Fcomments&post=60"}],"version-history":[{"count":20,"href":"https:\/\/tableauxdisparus.fr\/index.php?rest_route=\/wp\/v2\/pages\/60\/revisions"}],"predecessor-version":[{"id":1934,"href":"https:\/\/tableauxdisparus.fr\/index.php?rest_route=\/wp\/v2\/pages\/60\/revisions\/1934"}],"wp:attachment":[{"href":"https:\/\/tableauxdisparus.fr\/index.php?rest_route=%2Fwp%2Fv2%2Fmedia&parent=60"}],"curies":[{"name":"wp","href":"https:\/\/api.w.org\/{rel}","templated":true}]}}